{"id":5386,"date":"2024-09-04T17:09:08","date_gmt":"2024-09-04T15:09:08","guid":{"rendered":"https:\/\/www.cortex.cz\/?page_id=5386"},"modified":"2024-09-04T17:09:08","modified_gmt":"2024-09-04T15:09:08","slug":"php-programator","status":"publish","type":"page","link":"https:\/\/www.cortex.cz\/en\/php-programator\/","title":{"rendered":"PHP Program\u00e1tor"},"content":{"rendered":"\n<h2>\n\t\tBoj proti Goli\u00e1\u0161ovi!\n\t<\/h2>\n\t<p>Jsme \u010desk\u00fd David v boji proti mezin\u00e1rodn\u00edm Goli\u00e1\u0161\u016fm a p\u0159es nepom\u011br velikosti jim p\u011bkn\u011b zat\u00e1p\u00edme. P\u0159idej se do CareCloud t\u00fdmu, kter\u00fd je kreativn\u00ed a flexibiln\u00ed, abychom spole\u010dn\u011b porazili korpor\u00e1tn\u00ed obry!<\/p>\n<p>\u010cek\u00e1 t\u011b parta lid\u00ed bez zbyte\u010dn\u00e9 hierarchie. Program\u00e1tory \u0161\u00e9fuje Jirka a nov\u00e9 \u010dleny t\u00fdmu si bere pod k\u0159\u00eddla M\u00edra, a to je v\u0161e &#8211; jinak jsme v\u0161ichni na stejn\u00e9 \u00farovni.<\/p>\n\t\t\t<a href=\"\" target=\"_self\" rel=\"noopener\">\n\t\t\t\t\t\t\tPus\u0165 si video\n\t\t\t\t\t<\/a>\n\t<meta itemprop=\"url\" content=\"https:\/\/www.cortex.cz\/wp-content\/uploads\/2022\/05\/filip-hd.mp4\" \/><div style=\"width: 640px;\" class=\"wp-video\"><!--[if lt IE 9]><script>document.createElement('video');<\/script><![endif]-->\n<video class=\"wp-video-shortcode\" id=\"video-5386-1\" width=\"640\" height=\"360\" poster=\"https:\/\/www.cortex.cz\/wp-content\/uploads\/2022\/05\/image01.jpg\" preload=\"none\" controls=\"controls\"><source type=\"video\/mp4\" src=\"https:\/\/www.cortex.cz\/wp-content\/uploads\/2022\/05\/filip-hd.mp4?_=1\" \/><a href=\"https:\/\/www.cortex.cz\/wp-content\/uploads\/2022\/05\/filip-hd.mp4\">https:\/\/www.cortex.cz\/wp-content\/uploads\/2022\/05\/filip-hd.mp4<\/a><\/video><\/div>\n<h2>\n\t\tZaslou\u017e\u00edme si T\u011b?\n\t<\/h2>\n\t<p>V\u00fd\u0161i odm\u011bny dohodneme podle tv\u00fdch dovednost\u00ed a typu \u00favazku, ale p\u0159i full-time pr\u00e1ci na I\u010cO po\u010d\u00edtej orienta\u010dn\u011b s fakturac\u00ed mezi 55.000 &#8211; 95.000 K\u010d podle tv\u00fdch schopnost\u00ed. M\u016f\u017eeme se domluvit na standardn\u00edm pracovn\u00edm pom\u011bru.<\/p>\n\t\t\t\t<img loading=\"lazy\" decoding=\"async\" src=\"https:\/\/www.cortex.cz\/wp-content\/uploads\/2022\/05\/bulbv2-1.png\" alt=\"bulbv2-1\" itemprop=\"image\" height=\"96\" width=\"96\" title=\"bulbv2-1\" onerror=\"this.style.display='none'\"  \/>\n<h4>\n\t\tHrazen\u00e9 vzd\u011bl\u00e1v\u00e1n\u00ed\n\t<\/h4>\n\t<p>Zaplat\u00edme Ti libovoln\u00e9 jazykov\u00e9, \u010di odborn\u00e9 vzd\u011bl\u00e1v\u00e1n\u00ed a oborov\u00e9 eventy. S n\u00e1mi bude\u0161 r\u016fst.<\/p>\n\t\t\t\t<img loading=\"lazy\" decoding=\"async\" src=\"https:\/\/www.cortex.cz\/wp-content\/uploads\/2022\/05\/notebook-1.png\" alt=\"notebook-1\" itemprop=\"image\" height=\"96\" width=\"96\" title=\"notebook-1\" onerror=\"this.style.display='none'\"  \/>\n<h4>\n\t\tHomeoffice \/ full remote\n\t<\/h4>\n\t<p>Podle Tv\u00e9ho bydli\u0161t\u011b a zku\u0161enost\u00ed domluv\u00edme pravideln\u00fd homeoffice, \u010di full remote.<\/p>\n\t\t\t\t<img loading=\"lazy\" decoding=\"async\" src=\"https:\/\/www.cortex.cz\/wp-content\/uploads\/2022\/05\/phone-1.png\" alt=\"phone-1\" itemprop=\"image\" height=\"96\" width=\"96\" title=\"phone-1\" onerror=\"this.style.display='none'\"  \/>\n<h4>\n\t\tModern\u00ed vybaven\u00ed\n\t<\/h4>\n\t<p>S n\u00e1mi pracuje\u0161 v modern\u00ed budov\u011b s nadupan\u00fdm notebookem a firemn\u00edm tarifem na mobilu.<\/p>\n\t\t\t\t<img loading=\"lazy\" decoding=\"async\" src=\"https:\/\/www.cortex.cz\/wp-content\/uploads\/2022\/05\/bike-1.png\" alt=\"bike-1\" itemprop=\"image\" height=\"96\" width=\"96\" title=\"bike-1\" onerror=\"this.style.display='none'\"  \/>\n<h4>\n\t\tBike-friendly office\n\t<\/h4>\n\t<p>A\u0165 u\u017e chce\u0161 d\u011blat n\u011bco pro sebe nebo pro p\u0159\u00edrodu, u n\u00e1s m\u00e1\u0161 k dispozici m\u00edsto pro kolo i sprchu.<\/p>\n\t\t\t\t<img loading=\"lazy\" decoding=\"async\" src=\"https:\/\/www.cortex.cz\/wp-content\/uploads\/2022\/05\/chillout-1.png\" alt=\"chillout-1\" itemprop=\"image\" height=\"96\" width=\"96\" title=\"chillout-1\" onerror=\"this.style.display='none'\"  \/>\n<h4>\n\t\t28 dn\u00ed dovolen\u00e9\n\t<\/h4>\n\t<p>Dostane\u0161 p\u0159i pln\u00e9m pracovn\u00edm \u00favazku (v\u010d. sick days). P\u0159i pr\u00e1ci na I\u010cO se domluv\u00edme individu\u00e1ln\u011b.<\/p>\n\t\t\t\t<img loading=\"lazy\" decoding=\"async\" src=\"https:\/\/www.cortex.cz\/wp-content\/uploads\/2022\/05\/handshaking.png\" alt=\"handshaking\" itemprop=\"image\" height=\"96\" width=\"96\" title=\"handshaking\" onerror=\"this.style.display='none'\"  \/>\n<h4>\n\t\tPr\u00e9miov\u00e1 l\u00e9ka\u0159sk\u00e1 p\u00e9\u010de\n\t<\/h4>\n\t<p>Dlouh\u00e9 term\u00edny a \u010dek\u00e1n\u00ed v ordinaci jsou minulost\u00ed, za\u0159\u00edd\u00edme Ti pr\u00e9miovou p\u00e9\u010di.<\/p>\n\t\t\t\t<img loading=\"lazy\" decoding=\"async\" src=\"https:\/\/www.cortex.cz\/wp-content\/uploads\/2022\/05\/highfive-1.png\" alt=\"highfive-1\" itemprop=\"image\" height=\"96\" width=\"96\" title=\"highfive-1\" onerror=\"this.style.display='none'\"  \/>\n<h4>\n\t\tPen\u00edze na sport a kulturu\n\t<\/h4>\n\t<p>Jednodu\u0161e podpo\u0159\u00edme Tv\u016fj aktivn\u00ed \u017eivotn\u00ed styl. Bez komplikac\u00ed a p\u0159edplacen\u00fdch karet.<\/p>\n<h2>\n\t\tCo o Cortexu \u0159\u00edkaj\u00ed kolegov\u00e9?\n\t<\/h2>\n<h2>\n\t\tPr\u00e1ce t\u011b zaujala? Ozvi se n\u00e1m!\n\t<\/h2>\n\t<p>R\u00e1di si s tebou <strong>popov\u00edd\u00e1me.<\/strong><\/p>\n<h2>\n\t\tPoj\u010f s n\u00e1mi pracovat!\n\t<\/h2>\n\t\t\t\t<img loading=\"lazy\" decoding=\"async\" src=\"https:\/\/www.cortex.cz\/wp-content\/uploads\/2022\/05\/jirik-1.jpg\" alt=\"jirik-1\" itemprop=\"image\" height=\"128\" width=\"128\" title=\"jirik-1\" onerror=\"this.style.display='none'\"  \/>\n\t<p>Nev\u00e1hej se n\u00e1m ozvat na <a href=\"mailto:sulc@cortex.cz?subject=Pr%C3%A1ce%20u%20v%C3%A1s%20vypad%C3%A1%20zaj%C3%ADmav%C4%9B!\">sulc@cortex.cz<\/a><\/p>\n\t<p>nebo jsme na telefonu +420\u00a0266\u00a0610\u00a0465<\/p>\n\n","protected":false},"excerpt":{"rendered":"<p>Boj proti Goli\u00e1\u0161ovi! Jsme \u010desk\u00fd David v boji proti mezin\u00e1rodn\u00edm Goli\u00e1\u0161\u016fm a p\u0159es nepom\u011br velikosti jim p\u011bkn\u011b zat\u00e1p\u00edme. P\u0159idej se do CareCloud t\u00fdmu, kter\u00fd je kreativn\u00ed a flexibiln\u00ed, abychom spole\u010dn\u011b porazili korpor\u00e1tn\u00ed obry! \u010cek\u00e1 t\u011b parta lid\u00ed bez zbyte\u010dn\u00e9 hierarchie. Program\u00e1tory \u0161\u00e9fuje Jirka a nov\u00e9 \u010dleny t\u00fdmu si bere pod k\u0159\u00eddla M\u00edra, a to je&hellip;<\/p>","protected":false},"author":8,"featured_media":0,"parent":0,"menu_order":0,"comment_status":"closed","ping_status":"closed","template":"","meta":{"footnotes":""},"_links":{"self":[{"href":"https:\/\/www.cortex.cz\/en\/wp-json\/wp\/v2\/pages\/5386"}],"collection":[{"href":"https:\/\/www.cortex.cz\/en\/wp-json\/wp\/v2\/pages"}],"about":[{"href":"https:\/\/www.cortex.cz\/en\/wp-json\/wp\/v2\/types\/page"}],"author":[{"embeddable":true,"href":"https:\/\/www.cortex.cz\/en\/wp-json\/wp\/v2\/users\/8"}],"replies":[{"embeddable":true,"href":"https:\/\/www.cortex.cz\/en\/wp-json\/wp\/v2\/comments?post=5386"}],"version-history":[{"count":17,"href":"https:\/\/www.cortex.cz\/en\/wp-json\/wp\/v2\/pages\/5386\/revisions"}],"predecessor-version":[{"id":6179,"href":"https:\/\/www.cortex.cz\/en\/wp-json\/wp\/v2\/pages\/5386\/revisions\/6179"}],"wp:attachment":[{"href":"https:\/\/www.cortex.cz\/en\/wp-json\/wp\/v2\/media?parent=5386"}],"curies":[{"name":"wp","href":"https:\/\/api.w.org\/{rel}","templated":true}]}}